{"id":1108,"date":"2022-11-30T10:43:39","date_gmt":"2022-11-30T09:43:39","guid":{"rendered":"http:\/\/babycov.cluster031.hosting.ovh.net\/?page_id=1108"},"modified":"2024-05-16T13:46:58","modified_gmt":"2024-05-16T11:46:58","slug":"nos-oeufs-de-savoie","status":"publish","type":"page","link":"https:\/\/www.babycoque.fr\/index.php\/nos-oeufs-de-savoie\/","title":{"rendered":"NOS \u0152UFS DE SAVOIE"},"content":{"rendered":"<p>[et_pb_section fb_built=\u00a0\u00bb1&Prime; custom_padding_last_edited=\u00a0\u00bboff|desktop\u00a0\u00bb admin_label=\u00a0\u00bbHeader\u00a0\u00bb module_id=\u00a0\u00bbsecondheader\u00a0\u00bb module_class=\u00a0\u00bbheader\u00a0\u00bb _builder_version=\u00a0\u00bb4.18.1&Prime; _module_preset=\u00a0\u00bbdefault\u00a0\u00bb background_color=\u00a0\u00bb#FFFFFF\u00a0\u00bb use_background_color_gradient=\u00a0\u00bbon\u00a0\u00bb background_color_gradient_stops=\u00a0\u00bb#5c92a1 0%|rgba(46,91,97,0.3) 100%\u00a0\u00bb background_color_gradient_overlays_image=\u00a0\u00bbon\u00a0\u00bb background_image=\u00a0\u00bbhttp:\/\/babycov.cluster031.hosting.ovh.net\/wp-content\/uploads\/2022\/11\/pexels-olya-kobruseva-6495854-scaled.jpg\u00a0\u00bb background_position=\u00a0\u00bbtop_center\u00a0\u00bb background_vertical_offset=\u00a0\u00bb51%\u00a0\u00bb custom_padding_tablet=\u00a0\u00bb||22vw||false|false\u00a0\u00bb custom_padding_phone=\u00a0\u00bb||22vw||false|false\u00a0\u00bb bottom_divider_style=\u00a0\u00bbcurve\u00a0\u00bb bottom_divider_color=\u00a0\u00bb#e5e8f0&Prime; bottom_divider_height=\u00a0\u00bb10vw\u00a0\u00bb hover_enabled=\u00a0\u00bb0&Prime; locked=\u00a0\u00bboff\u00a0\u00bb collapsed=\u00a0\u00bbon\u00a0\u00bb global_colors_info=\u00a0\u00bb{}\u00a0\u00bb sticky_enabled=\u00a0\u00bb0&Prime;][et_pb_row _builder_version=\u00a0\u00bb4.18.1&Prime; _module_preset=\u00a0\u00bbdefault\u00a0\u00bb z_index=\u00a0\u00bb10&Prime; global_colors_info=\u00a0\u00bb{}\u00a0\u00bb][et_pb_column type=\u00a0\u00bb4_4&Prime; _builder_version=\u00a0\u00bb4.17.1&Prime; _module_preset=\u00a0\u00bbdefault\u00a0\u00bb global_colors_info=\u00a0\u00bb{}\u00a0\u00bb][et_pb_divider show_divider=\u00a0\u00bboff\u00a0\u00bb _builder_version=\u00a0\u00bb4.18.1&Prime; _module_preset=\u00a0\u00bbdefault\u00a0\u00bb global_colors_info=\u00a0\u00bb{}\u00a0\u00bb][\/et_pb_divider][et_pb_text _builder_version=\u00a0\u00bb4.18.1&Prime; _module_preset=\u00a0\u00bbc16985e1-e0d6-4022-964d-e2bfc04fa633&Prime; text_font=\u00a0\u00bbDancing Script||||||||\u00a0\u00bb text_text_color=\u00a0\u00bb#FFFFFF\u00a0\u00bb text_font_size=\u00a0\u00bb70px\u00a0\u00bb text_line_height=\u00a0\u00bb1em\u00a0\u00bb header_font=\u00a0\u00bbCormorant Garamond|700|||||||\u00a0\u00bb header_text_color=\u00a0\u00bb#E1ECEA\u00a0\u00bb header_font_size=\u00a0\u00bb90px\u00a0\u00bb header_line_height=\u00a0\u00bb1.1em\u00a0\u00bb custom_margin=\u00a0\u00bb||30px||false|false\u00a0\u00bb header_font_size_tablet=\u00a0\u00bb40px\u00a0\u00bb header_font_size_phone=\u00a0\u00bb24px\u00a0\u00bb header_font_size_last_edited=\u00a0\u00bbon|desktop\u00a0\u00bb global_colors_info=\u00a0\u00bb{}\u00a0\u00bb]<\/p>\n<p style=\"text-align: center;\"><span style=\"vertical-align: inherit;\"><span style=\"vertical-align: inherit;\"><span style=\"vertical-align: inherit;\"><span style=\"vertical-align: inherit;\">Nos \u0153ufs de Savoie<\/span><\/span><\/span><\/span><\/p>\n<p style=\"text-align: center;\">\n<p>[\/et_pb_text][\/et_pb_column][\/et_pb_row][et_pb_row _builder_version=\u00a0\u00bb4.18.1&Prime; _module_preset=\u00a0\u00bbdefault\u00a0\u00bb positioning=\u00a0\u00bbabsolute\u00a0\u00bb position_origin_a=\u00a0\u00bbbottom_center\u00a0\u00bb vertical_offset=\u00a0\u00bb-1px\u00a0\u00bb width=\u00a0\u00bb100%\u00a0\u00bb max_width=\u00a0\u00bb100%\u00a0\u00bb custom_margin=\u00a0\u00bb||||false|false\u00a0\u00bb custom_padding=\u00a0\u00bb||0px||false|false\u00a0\u00bb filter_brightness=\u00a0\u00bb200%\u00a0\u00bb locked=\u00a0\u00bboff\u00a0\u00bb global_colors_info=\u00a0\u00bb{}\u00a0\u00bb][et_pb_column type=\u00a0\u00bb4_4&Prime; _builder_version=\u00a0\u00bb4.17.3&Prime; _module_preset=\u00a0\u00bbdefault\u00a0\u00bb global_colors_info=\u00a0\u00bb{}\u00a0\u00bb][et_pb_image src=\u00a0\u00bbhttp:\/\/babycov.cluster031.hosting.ovh.net\/wp-content\/uploads\/2022\/11\/therapy-50.png\u00a0\u00bb title_text=\u00a0\u00bbtherapy-50&Prime; force_fullwidth=\u00a0\u00bbon\u00a0\u00bb _builder_version=\u00a0\u00bb4.17.3&Prime; _module_preset=\u00a0\u00bbdefault\u00a0\u00bb custom_margin=\u00a0\u00bb||||false|false\u00a0\u00bb global_colors_info=\u00a0\u00bb{}\u00a0\u00bb][\/et_pb_image][\/et_pb_column][\/et_pb_row][\/et_pb_section][et_pb_section fb_built=\u00a0\u00bb1&Prime; _builder_version=\u00a0\u00bb4.18.1&Prime; _module_preset=\u00a0\u00bbdefault\u00a0\u00bb custom_padding=\u00a0\u00bb59px||8px|||\u00a0\u00bb global_colors_info=\u00a0\u00bb{}\u00a0\u00bb locked=\u00a0\u00bboff\u00a0\u00bb][et_pb_row _builder_version=\u00a0\u00bb4.18.1&Prime; _module_preset=\u00a0\u00bbdefault\u00a0\u00bb width=\u00a0\u00bb77%\u00a0\u00bb width_tablet=\u00a0\u00bb77%\u00a0\u00bb width_phone=\u00a0\u00bb77%\u00a0\u00bb width_last_edited=\u00a0\u00bbon|phone\u00a0\u00bb global_colors_info=\u00a0\u00bb{}\u00a0\u00bb][et_pb_column type=\u00a0\u00bb4_4&Prime; _builder_version=\u00a0\u00bb4.18.1&Prime; _module_preset=\u00a0\u00bbdefault\u00a0\u00bb global_colors_info=\u00a0\u00bb{}\u00a0\u00bb][et_pb_text _builder_version=\u00a0\u00bb4.18.1&Prime; _module_preset=\u00a0\u00bbdefault\u00a0\u00bb global_colors_info=\u00a0\u00bb{}\u00a0\u00bb]<\/p>\n<p style=\"text-align: center;\">Nos \u0153ufs proviennent de deux \u00e9levages Savoyards situ\u00e9s \u00e0 Faverges et \u00e0 Sonnaz. Nos volailles d\u00e9ambulent librement dans nos poulaillers, profitant de perchoirs, de zones de grattage et de nombreux nids pour pondre chaque jour des oeufs de qualit\u00e9. Elles mangent \u00e0 leur gr\u00e9 un aliment compos\u00e9 de c\u00e9r\u00e9ales, de prot\u00e9ines v\u00e9g\u00e9tales, de min\u00e9raux et de vitamines issus de la r\u00e9gion Rh\u00f4ne-Alpes.<\/p>\n<p>[\/et_pb_text][\/et_pb_column][\/et_pb_row][\/et_pb_section][et_pb_section fb_built=\u00a0\u00bb1&Prime; admin_label=\u00a0\u00bbFeatures\u00a0\u00bb _builder_version=\u00a0\u00bb4.18.1&Prime; background_color=\u00a0\u00bb#FFFFFF\u00a0\u00bb custom_padding=\u00a0\u00bb0px|||||\u00a0\u00bb global_colors_info=\u00a0\u00bb{}\u00a0\u00bb locked=\u00a0\u00bboff\u00a0\u00bb][et_pb_row column_structure=\u00a0\u00bb1_2,1_2&Prime; use_custom_gutter=\u00a0\u00bbon\u00a0\u00bb gutter_width=\u00a0\u00bb1&Prime; make_equal=\u00a0\u00bbon\u00a0\u00bb _builder_version=\u00a0\u00bb4.18.1&Prime; _module_preset=\u00a0\u00bbdefault\u00a0\u00bb width=\u00a0\u00bb75%\u00a0\u00bb max_width=\u00a0\u00bb1583px\u00a0\u00bb global_colors_info=\u00a0\u00bb{}\u00a0\u00bb][et_pb_column type=\u00a0\u00bb1_2&Prime; _builder_version=\u00a0\u00bb4.18.1&Prime; _module_preset=\u00a0\u00bbdefault\u00a0\u00bb global_colors_info=\u00a0\u00bb{}\u00a0\u00bb][et_pb_image src=\u00a0\u00bbhttps:\/\/www.babycoque.fr\/wp-content\/uploads\/2024\/05\/6-SAVIE-DATES-DIRECT-Sans-calibre-gros-1.png\u00a0\u00bb alt=\u00a0\u00bb6 SAVOIE DATES DIRECT\u00a0\u00bb title_text=\u00a0\u00bb6 SAVIE DATES DIRECT &#8211; Sans calibre gros\u00a0\u00bb _builder_version=\u00a0\u00bb4.21.0&Prime; _module_preset=\u00a0\u00bbdefault\u00a0\u00bb z_index=\u00a0\u00bb2&Prime; hover_enabled=\u00a0\u00bb0&Prime; global_colors_info=\u00a0\u00bb{}\u00a0\u00bb sticky_enabled=\u00a0\u00bb0&Prime;][\/et_pb_image][et_pb_text _builder_version=\u00a0\u00bb4.18.1&Prime; _module_preset=\u00a0\u00bbdefault\u00a0\u00bb text_font_size=\u00a0\u00bb26px\u00a0\u00bb global_colors_info=\u00a0\u00bb{}\u00a0\u00bb]<\/p>\n<p style=\"text-align: center;\">6 \u0152UFS\u00a0<\/p>\n<p>[\/et_pb_text][\/et_pb_column][et_pb_column type=\u00a0\u00bb1_2&Prime; _builder_version=\u00a0\u00bb4.18.1&Prime; _module_preset=\u00a0\u00bbdefault\u00a0\u00bb global_colors_info=\u00a0\u00bb{}\u00a0\u00bb][et_pb_image src=\u00a0\u00bbhttps:\/\/www.babycoque.fr\/wp-content\/uploads\/2024\/05\/10-SAVIE-DATES-DIRECT-Sans-calibre-gros.png\u00a0\u00bb alt=\u00a0\u00bb6 ELEVEURS SAVOYARDS MAXI\u00a0\u00bb title_text=\u00a0\u00bb10 SAVIE DATES DIRECT &#8211; Sans calibre gros\u00a0\u00bb _builder_version=\u00a0\u00bb4.21.0&Prime; _module_preset=\u00a0\u00bbdefault\u00a0\u00bb hover_enabled=\u00a0\u00bb0&Prime; global_colors_info=\u00a0\u00bb{}\u00a0\u00bb sticky_enabled=\u00a0\u00bb0&Prime;][\/et_pb_image][et_pb_text _builder_version=\u00a0\u00bb4.21.0&Prime; _module_preset=\u00a0\u00bbdefault\u00a0\u00bb text_font_size=\u00a0\u00bb26px\u00a0\u00bb hover_enabled=\u00a0\u00bb0&Prime; global_colors_info=\u00a0\u00bb{}\u00a0\u00bb sticky_enabled=\u00a0\u00bb0&Prime;]<\/p>\n<p style=\"text-align: center;\">10 \u0152UFS<\/p>\n<p>[\/et_pb_text][\/et_pb_column][\/et_pb_row][et_pb_row _builder_version=\u00a0\u00bb4.18.1&Prime; _module_preset=\u00a0\u00bbdefault\u00a0\u00bb global_colors_info=\u00a0\u00bb{}\u00a0\u00bb][et_pb_column type=\u00a0\u00bb4_4&Prime; _builder_version=\u00a0\u00bb4.18.1&Prime; _module_preset=\u00a0\u00bbdefault\u00a0\u00bb global_colors_info=\u00a0\u00bb{}\u00a0\u00bb][et_pb_divider show_divider=\u00a0\u00bboff\u00a0\u00bb _builder_version=\u00a0\u00bb4.18.1&Prime; _module_preset=\u00a0\u00bbdefault\u00a0\u00bb global_colors_info=\u00a0\u00bb{}\u00a0\u00bb][\/et_pb_divider][\/et_pb_column][\/et_pb_row][\/et_pb_section]<\/p>\n","protected":false},"excerpt":{"rendered":"<p>Nos \u0153ufs de Savoie Nos \u0153ufs proviennent de deux \u00e9levages Savoyards situ\u00e9s \u00e0 Faverges et \u00e0 Sonnaz. Nos volailles d\u00e9ambulent librement dans nos poulaillers, profitant de perchoirs, de zones de grattage et de nombreux nids pour pondre chaque jour des oeufs de qualit\u00e9. Elles mangent \u00e0 leur gr\u00e9 un aliment compos\u00e9 de c\u00e9r\u00e9ales, de prot\u00e9ines [&hellip;]<\/p>\n","protected":false},"author":1,"featured_media":0,"parent":0,"menu_order":0,"comment_status":"closed","ping_status":"closed","template":"","meta":{"_et_pb_use_builder":"on","_et_pb_old_content":"","_et_gb_content_width":"","footnotes":""},"class_list":["post-1108","page","type-page","status-publish","hentry"],"yoast_head":"<!-- This site is optimized with the Yoast SEO plugin v25.0 - https:\/\/yoast.com\/wordpress\/plugins\/seo\/ -->\n<title>NOS \u0152UFS DE SAVOIE - BABY COQUE<\/title>\n<meta name=\"robots\" content=\"index, follow, max-snippet:-1, max-image-preview:large, max-video-preview:-1\" \/>\n<link rel=\"canonical\" href=\"https:\/\/www.babycoque.fr\/index.php\/nos-oeufs-de-savoie\/\" \/>\n<meta property=\"og:locale\" content=\"fr_FR\" \/>\n<meta property=\"og:type\" content=\"article\" \/>\n<meta property=\"og:title\" content=\"NOS \u0152UFS DE SAVOIE - BABY COQUE\" \/>\n<meta property=\"og:description\" content=\"Nos \u0153ufs de Savoie Nos \u0153ufs proviennent de deux \u00e9levages Savoyards situ\u00e9s \u00e0 Faverges et \u00e0 Sonnaz. Nos volailles d\u00e9ambulent librement dans nos poulaillers, profitant de perchoirs, de zones de grattage et de nombreux nids pour pondre chaque jour des oeufs de qualit\u00e9. Elles mangent \u00e0 leur gr\u00e9 un aliment compos\u00e9 de c\u00e9r\u00e9ales, de prot\u00e9ines [&hellip;]\" \/>\n<meta property=\"og:url\" content=\"https:\/\/www.babycoque.fr\/index.php\/nos-oeufs-de-savoie\/\" \/>\n<meta property=\"og:site_name\" content=\"BABY COQUE\" \/>\n<meta property=\"article:publisher\" content=\"https:\/\/www.facebook.com\/share\/1M1PbL4f4E\/?mibextid=wwXIfr\" \/>\n<meta property=\"article:modified_time\" content=\"2024-05-16T11:46:58+00:00\" \/>\n<meta name=\"twitter:card\" content=\"summary_large_image\" \/>\n<meta name=\"twitter:label1\" content=\"Dur\u00e9e de lecture estim\u00e9e\" \/>\n\t<meta name=\"twitter:data1\" content=\"4 minutes\" \/>\n<script type=\"application\/ld+json\" class=\"yoast-schema-graph\">{\"@context\":\"https:\/\/schema.org\",\"@graph\":[{\"@type\":\"WebPage\",\"@id\":\"https:\/\/www.babycoque.fr\/index.php\/nos-oeufs-de-savoie\/\",\"url\":\"https:\/\/www.babycoque.fr\/index.php\/nos-oeufs-de-savoie\/\",\"name\":\"NOS \u0152UFS DE SAVOIE - BABY COQUE\",\"isPartOf\":{\"@id\":\"https:\/\/www.babycoque.fr\/#website\"},\"datePublished\":\"2022-11-30T09:43:39+00:00\",\"dateModified\":\"2024-05-16T11:46:58+00:00\",\"breadcrumb\":{\"@id\":\"https:\/\/www.babycoque.fr\/index.php\/nos-oeufs-de-savoie\/#breadcrumb\"},\"inLanguage\":\"fr-FR\",\"potentialAction\":[{\"@type\":\"ReadAction\",\"target\":[\"https:\/\/www.babycoque.fr\/index.php\/nos-oeufs-de-savoie\/\"]}]},{\"@type\":\"BreadcrumbList\",\"@id\":\"https:\/\/www.babycoque.fr\/index.php\/nos-oeufs-de-savoie\/#breadcrumb\",\"itemListElement\":[{\"@type\":\"ListItem\",\"position\":1,\"name\":\"Accueil\",\"item\":\"https:\/\/www.babycoque.fr\/\"},{\"@type\":\"ListItem\",\"position\":2,\"name\":\"NOS \u0152UFS DE SAVOIE\"}]},{\"@type\":\"WebSite\",\"@id\":\"https:\/\/www.babycoque.fr\/#website\",\"url\":\"https:\/\/www.babycoque.fr\/\",\"name\":\"BABY COQUE\",\"description\":\"Les bons oeufs du terroir\",\"publisher\":{\"@id\":\"https:\/\/www.babycoque.fr\/#organization\"},\"potentialAction\":[{\"@type\":\"SearchAction\",\"target\":{\"@type\":\"EntryPoint\",\"urlTemplate\":\"https:\/\/www.babycoque.fr\/?s={search_term_string}\"},\"query-input\":{\"@type\":\"PropertyValueSpecification\",\"valueRequired\":true,\"valueName\":\"search_term_string\"}}],\"inLanguage\":\"fr-FR\"},{\"@type\":\"Organization\",\"@id\":\"https:\/\/www.babycoque.fr\/#organization\",\"name\":\"BABY COQUE\",\"url\":\"https:\/\/www.babycoque.fr\/\",\"logo\":{\"@type\":\"ImageObject\",\"inLanguage\":\"fr-FR\",\"@id\":\"https:\/\/www.babycoque.fr\/#\/schema\/logo\/image\/\",\"url\":\"https:\/\/www.babycoque.fr\/wp-content\/uploads\/2022\/06\/cropped-logo_babycoquepngverysmall.png\",\"contentUrl\":\"https:\/\/www.babycoque.fr\/wp-content\/uploads\/2022\/06\/cropped-logo_babycoquepngverysmall.png\",\"width\":90,\"height\":92,\"caption\":\"BABY COQUE\"},\"image\":{\"@id\":\"https:\/\/www.babycoque.fr\/#\/schema\/logo\/image\/\"},\"sameAs\":[\"https:\/\/www.facebook.com\/share\/1M1PbL4f4E\/?mibextid=wwXIfr\"]}]}<\/script>\n<!-- \/ Yoast SEO plugin. -->","yoast_head_json":{"title":"NOS \u0152UFS DE SAVOIE - BABY COQUE","robots":{"index":"index","follow":"follow","max-snippet":"max-snippet:-1","max-image-preview":"max-image-preview:large","max-video-preview":"max-video-preview:-1"},"canonical":"https:\/\/www.babycoque.fr\/index.php\/nos-oeufs-de-savoie\/","og_locale":"fr_FR","og_type":"article","og_title":"NOS \u0152UFS DE SAVOIE - BABY COQUE","og_description":"Nos \u0153ufs de Savoie Nos \u0153ufs proviennent de deux \u00e9levages Savoyards situ\u00e9s \u00e0 Faverges et \u00e0 Sonnaz. Nos volailles d\u00e9ambulent librement dans nos poulaillers, profitant de perchoirs, de zones de grattage et de nombreux nids pour pondre chaque jour des oeufs de qualit\u00e9. Elles mangent \u00e0 leur gr\u00e9 un aliment compos\u00e9 de c\u00e9r\u00e9ales, de prot\u00e9ines [&hellip;]","og_url":"https:\/\/www.babycoque.fr\/index.php\/nos-oeufs-de-savoie\/","og_site_name":"BABY COQUE","article_publisher":"https:\/\/www.facebook.com\/share\/1M1PbL4f4E\/?mibextid=wwXIfr","article_modified_time":"2024-05-16T11:46:58+00:00","twitter_card":"summary_large_image","twitter_misc":{"Dur\u00e9e de lecture estim\u00e9e":"4 minutes"},"schema":{"@context":"https:\/\/schema.org","@graph":[{"@type":"WebPage","@id":"https:\/\/www.babycoque.fr\/index.php\/nos-oeufs-de-savoie\/","url":"https:\/\/www.babycoque.fr\/index.php\/nos-oeufs-de-savoie\/","name":"NOS \u0152UFS DE SAVOIE - BABY COQUE","isPartOf":{"@id":"https:\/\/www.babycoque.fr\/#website"},"datePublished":"2022-11-30T09:43:39+00:00","dateModified":"2024-05-16T11:46:58+00:00","breadcrumb":{"@id":"https:\/\/www.babycoque.fr\/index.php\/nos-oeufs-de-savoie\/#breadcrumb"},"inLanguage":"fr-FR","potentialAction":[{"@type":"ReadAction","target":["https:\/\/www.babycoque.fr\/index.php\/nos-oeufs-de-savoie\/"]}]},{"@type":"BreadcrumbList","@id":"https:\/\/www.babycoque.fr\/index.php\/nos-oeufs-de-savoie\/#breadcrumb","itemListElement":[{"@type":"ListItem","position":1,"name":"Accueil","item":"https:\/\/www.babycoque.fr\/"},{"@type":"ListItem","position":2,"name":"NOS \u0152UFS DE SAVOIE"}]},{"@type":"WebSite","@id":"https:\/\/www.babycoque.fr\/#website","url":"https:\/\/www.babycoque.fr\/","name":"BABY COQUE","description":"Les bons oeufs du terroir","publisher":{"@id":"https:\/\/www.babycoque.fr\/#organization"},"potentialAction":[{"@type":"SearchAction","target":{"@type":"EntryPoint","urlTemplate":"https:\/\/www.babycoque.fr\/?s={search_term_string}"},"query-input":{"@type":"PropertyValueSpecification","valueRequired":true,"valueName":"search_term_string"}}],"inLanguage":"fr-FR"},{"@type":"Organization","@id":"https:\/\/www.babycoque.fr\/#organization","name":"BABY COQUE","url":"https:\/\/www.babycoque.fr\/","logo":{"@type":"ImageObject","inLanguage":"fr-FR","@id":"https:\/\/www.babycoque.fr\/#\/schema\/logo\/image\/","url":"https:\/\/www.babycoque.fr\/wp-content\/uploads\/2022\/06\/cropped-logo_babycoquepngverysmall.png","contentUrl":"https:\/\/www.babycoque.fr\/wp-content\/uploads\/2022\/06\/cropped-logo_babycoquepngverysmall.png","width":90,"height":92,"caption":"BABY COQUE"},"image":{"@id":"https:\/\/www.babycoque.fr\/#\/schema\/logo\/image\/"},"sameAs":["https:\/\/www.facebook.com\/share\/1M1PbL4f4E\/?mibextid=wwXIfr"]}]}},"_links":{"self":[{"href":"https:\/\/www.babycoque.fr\/index.php\/wp-json\/wp\/v2\/pages\/1108","targetHints":{"allow":["GET"]}}],"collection":[{"href":"https:\/\/www.babycoque.fr\/index.php\/wp-json\/wp\/v2\/pages"}],"about":[{"href":"https:\/\/www.babycoque.fr\/index.php\/wp-json\/wp\/v2\/types\/page"}],"author":[{"embeddable":true,"href":"https:\/\/www.babycoque.fr\/index.php\/wp-json\/wp\/v2\/users\/1"}],"replies":[{"embeddable":true,"href":"https:\/\/www.babycoque.fr\/index.php\/wp-json\/wp\/v2\/comments?post=1108"}],"version-history":[{"count":13,"href":"https:\/\/www.babycoque.fr\/index.php\/wp-json\/wp\/v2\/pages\/1108\/revisions"}],"predecessor-version":[{"id":1816,"href":"https:\/\/www.babycoque.fr\/index.php\/wp-json\/wp\/v2\/pages\/1108\/revisions\/1816"}],"wp:attachment":[{"href":"https:\/\/www.babycoque.fr\/index.php\/wp-json\/wp\/v2\/media?parent=1108"}],"curies":[{"name":"wp","href":"https:\/\/api.w.org\/{rel}","templated":true}]}}